{"id":3913,"date":"2023-08-31T10:03:07","date_gmt":"2023-08-31T10:03:07","guid":{"rendered":"https:\/\/wp-amearini.aless.app\/chi-sono\/"},"modified":"2024-10-29T17:37:37","modified_gmt":"2024-10-29T17:37:37","slug":"about","status":"publish","type":"page","link":"https:\/\/amearini.com\/it\/about\/","title":{"rendered":"Chi sono"},"content":{"rendered":"\n<div class=\"wp-block-cover alignwide is-light\"><span aria-hidden=\"true\" class=\"wp-block-cover__background has-background-dim-0 has-background-dim\" style=\"background-color:#949596\"><\/span><img loading=\"lazy\" decoding=\"async\" width=\"2560\" height=\"1920\" class=\"wp-block-cover__image-background wp-image-5369\" alt=\"\" src=\"https:\/\/amearini.com\/wp-content\/uploads\/2024\/10\/alessandromearini-2.jpg\" style=\"object-position:36% 42%\" data-object-fit=\"cover\" data-object-position=\"36% 42%\" srcset=\"https:\/\/amearini.com\/wp-content\/uploads\/2024\/10\/alessandromearini-2.jpg 2560w, https:\/\/amearini.com\/wp-content\/uploads\/2024\/10\/alessandromearini-2-300x225.jpg 300w, https:\/\/amearini.com\/wp-content\/uploads\/2024\/10\/alessandromearini-2-1024x768.jpg 1024w, https:\/\/amearini.com\/wp-content\/uploads\/2024\/10\/alessandromearini-2-768x576.jpg 768w, https:\/\/amearini.com\/wp-content\/uploads\/2024\/10\/alessandromearini-2-1536x1152.jpg 1536w, https:\/\/amearini.com\/wp-content\/uploads\/2024\/10\/alessandromearini-2-2048x1536.jpg 2048w\" sizes=\"auto, (max-width: 2560px) 100vw, 2560px\" \/><div class=\"wp-block-cover__inner-container has-global-padding is-layout-constrained wp-block-cover-is-layout-constrained\">\n<p class=\"has-text-align-center has-large-font-size\"><\/p>\n<\/div><\/div>\n\n<div class=\"wp-block-group alignfull section-main section-hero has-global-padding is-layout-constrained wp-block-group-is-layout-constrained\" style=\"margin-top:0;padding-bottom:var(--wp--preset--spacing--80)\">\n<h2 class=\"wp-block-heading\" style=\"margin-bottom:var(--wp--preset--spacing--50)\">Ciao, sono <span class=\"text-gradient\">Alessandro<\/span><\/h2>\n\n\n\n<figure class=\"wp-block-image size-full is-resized\"><img decoding=\"async\" src=\"https:\/\/amearini.com\/wp-content\/uploads\/2024\/08\/ciao.svg\" alt=\"\" class=\"wp-image-545\" style=\"object-fit:cover;width:350px;height:auto\"\/><\/figure>\n\n\n\n<p style=\"margin-top:var(--wp--preset--spacing--50)\">Lavoro come <strong>Senior visual designer<\/strong>, come <strong>Consulente<\/strong> e sono stato <strong>Responsabile del Dipartimento di Graphic Design e Comunicazione Visiva<\/strong> presso un&#8217;Universit\u00e0 Internazionale.<\/p>\n<\/div>\n\n<div class=\"wp-block-group alignfull section-main section-do has-base-primary-2-background-color has-background has-global-padding is-layout-constrained wp-block-group-is-layout-constrained\">\n<div class=\"wp-block-columns alignwide is-layout-flex wp-container-core-columns-is-layout-28f84493 wp-block-columns-is-layout-flex\">\n<div class=\"wp-block-column is-layout-flow wp-block-column-is-layout-flow\" style=\"flex-basis:50%\">\n<h4 class=\"wp-block-heading\">Il mio compito \u00e8 risolvere problemi attraverso <span class=\"text-gradient\">soluzioni visive<\/span> nel campo della comunicazione<\/h4>\n<\/div>\n\n\n\n<div class=\"wp-block-column is-layout-flow wp-block-column-is-layout-flow\" style=\"flex-basis:50%\">\n<p>Il mio obiettivo \u00e8<strong> garantire che ogni messaggio venga compreso come previsto dal pubblico di riferimento<\/strong>. Lo realizzo lavorando all&#8217;interno di agenzie, progetti freelance o ruoli di consulenza. <\/p>\n\n\n\n<p>Nella mia carriera accademica, mi sono concentrato nel trasmettere la mia conoscenza e esperienza agli altri, supportando il loro sviluppo personale e professionale.<\/p>\n<\/div>\n<\/div>\n\n\n\n<hr class=\"wp-block-separator alignwide has-alpha-channel-opacity is-style-wide\"\/>\n\n\n\n<div class=\"wp-block-columns alignwide is-layout-flex wp-container-core-columns-is-layout-28f84493 wp-block-columns-is-layout-flex\">\n<div class=\"wp-block-column is-layout-flow wp-block-column-is-layout-flow\" style=\"flex-basis:50%\">\n<h4 class=\"wp-block-heading\">Lo faccio a livello <span class=\"text-gradient\">internazionale<\/span><\/h4>\n<\/div>\n\n\n\n<div class=\"wp-block-column is-layout-flow wp-block-column-is-layout-flow\" style=\"flex-basis:50%\">\n<p>Ho avuto il privilegio di vivere e lavorare in luoghi diversi, tra cui il <strong>Regno Unito<\/strong> <em>(Londra)<\/em>, <strong>Thailandia<\/strong> <em>(Bangkok)<\/em>, <strong>Giappone<\/strong> <em>(Fukuoka)<\/em> e <strong>Italia<\/strong> <em>(Perugia e Roma)<\/em>.<\/p>\n\n\n\n<p>Questa esperienza internazionale mi permette di adattarmi senza problemi a diverse culture, ambienti e fusi orari, migliorando la mia capacit\u00e0 di lavorare efficacemente in contesti diversi.<\/p>\n<\/div>\n<\/div>\n\n\n\n<hr class=\"wp-block-separator alignwide has-alpha-channel-opacity is-style-wide\"\/>\n\n\n\n<div class=\"wp-block-columns alignwide is-layout-flex wp-container-core-columns-is-layout-28f84493 wp-block-columns-is-layout-flex\">\n<div class=\"wp-block-column is-layout-flow wp-block-column-is-layout-flow\" style=\"flex-basis:50%\">\n<h4 class=\"wp-block-heading\"><span class=\"text-gradient\">Porto a termine il lavoro<\/span> e qualcosa di pi\u00f9<\/h4>\n<\/div>\n\n\n\n<div class=\"wp-block-column is-layout-flow wp-block-column-is-layout-flow\" style=\"flex-basis:50%\">\n<p>Nel corso degli anni,<strong> ho avuto l&#8217;opportunit\u00e0 di lavorare con una vasta gamma di professionisti in vari ambienti<\/strong>. Questa esperienza mi ha insegnato che &#8220;portare a termine il lavoro&#8221; \u00e8 solo l&#8217;ultimo passo di un viaggio pi\u00f9 grande. <\/p>\n\n\n\n<p>Ci\u00f2 che accade durante il processo, <em>&#8220;mentre porti a termine il lavoro&#8221;<\/em>, \u00e8 altrettanto importante. Le persone con cui collabori durante questa fase influenzano significativamente l&#8217;intera esperienza. Lo tengo sempre a mente, cercando di rendere ogni passo del viaggio significativo e produttivo.  <\/p>\n<\/div>\n<\/div>\n\n\n\n<hr class=\"wp-block-separator alignwide has-alpha-channel-opacity is-style-wide\"\/>\n\n\n\n<div class=\"wp-block-columns alignwide is-layout-flex wp-container-core-columns-is-layout-28f84493 wp-block-columns-is-layout-flex\">\n<div class=\"wp-block-column is-layout-flow wp-block-column-is-layout-flow\" style=\"flex-basis:50%\">\n<h4 class=\"wp-block-heading\">Lo faccio <span class=\"text-gradient\">responsabilmente<\/span><\/h4>\n<\/div>\n\n\n\n<div class=\"wp-block-column is-layout-flow wp-block-column-is-layout-flow\" style=\"flex-basis:50%\">\n<p>Il mio obiettivo principale \u00e8 <strong>aggiungere valore alla vita delle persone<\/strong>, sia attraverso un design che creo o un discorso che faccio. Credo che il cambiamento possa essere raggiunto in molti modi, e mi sforzo di dare un contributo significativo, per quanto piccolo possa essere. <\/p>\n<\/div>\n<\/div>\n<\/div>\n\n<div class=\"wp-block-group alignfull section-main section-testimonials has-global-padding is-layout-constrained wp-block-group-is-layout-constrained\">\n<div class=\"wp-block-group is-vertical is-content-justification-left is-layout-flex wp-container-core-group-is-layout-dd225191 wp-block-group-is-layout-flex\">\n<h3 class=\"wp-block-heading has-text-align-left section-title\">Cosa dicono di me<\/h3>\n\n\n\n<p style=\"margin-bottom:var(--wp--preset--spacing--40)\">Ecco alcuni commenti da parte di coloro con cui ho avuto il privilegio e il piacere di lavorare o collaborare.<\/p>\n<\/div>\n\n\n<section id=\"block_6e116bbcf16b2d37a4310a9aad8bcdca\" class=\"ambone-testimonials alignwide wp-block-acf-slider-testimonials\">\n\n         <!-- Slider main container -->\n      <div class=\"group group-testimonials-list\">\n         <!-- Additional required wrapper -->\n         <div class=\"group-wrapper group-loop\"  style=\"gap:2em;\" >\n                           <article class=\"columns-3 group-slide alignwide wp-block-acf-slider-testimonials\">\n                  \n                  <blockquote class=\"testimonial-blockquote\">\n                     <p>\n                        Alessandro ha un talento straordinario per creare soluzioni innovative e fresche, per risolvere problemi, ascoltare e tradurre idee e bisogni di comunicazione in opere d&#039;arte. \u00c8 un eccellente collaboratore sia in piccoli che in grandi gruppi, e lo raccomanderei senza esitazione! Inoltre, \u00e8 un piacere interagire con lui, una persona gentile e affabile.                       <\/p>\n\n                                             <footer class=\"testimonial-attribution\"><cite class=\"testimonial-author\">Paola Bellusci<\/cite><span class=\"testimonial-role\">Project Manager presso Piano Export Sud<\/span><span class=\"testimonial-company\">ITA &#8211; Italian Trade Agency<\/span><\/footer>                                       <\/blockquote>\n               <\/article>\n\n                           <article class=\"columns-3 group-slide alignwide wp-block-acf-slider-testimonials\">\n                  \n                  <blockquote class=\"testimonial-blockquote\">\n                     <p>\n                        Durante il mio mandato alla Camera di Commercio Italo-Tailandese, Alessandro ha fornito una soluzione grafica creativa di alta qualit\u00e0 per supportare le attivit\u00e0 di PR e marketing della Camera. La sua combinazione di conoscenze del settore locale, esperienza e abilit\u00e0 creative ha permesso al nostro team di marketing di aumentare la base di soci grazie alle cartelle, biglietti da visita, banner e logo creati da Alessandro, su misura per le esigenze della Camera.                      <\/p>\n\n                                             <footer class=\"testimonial-attribution\"><cite class=\"testimonial-author\">Sandro Zanello<\/cite><span class=\"testimonial-role\">Direttore Esecutivo<\/span><span class=\"testimonial-company\">Thai-Italian Chamber Of Commerce<\/span><\/footer>                                       <\/blockquote>\n               <\/article>\n\n                           <article class=\"columns-3 group-slide alignwide wp-block-acf-slider-testimonials\">\n                  \n                  <blockquote class=\"testimonial-blockquote\">\n                     <p>\n                        Il Sig. Mearini ha svolto i suoi compiti in modo efficace e ha dimostrato un forte impegno verso gli ideali dell&#039;UNESCO. Ha una personalit\u00e0 amichevole e piacevole, e ha lavorato con facilit\u00e0 in un ambiente multiculturale. Il Sig. Mearini ha anche offerto generosamente i suoi servizi per produrre un video su &quot;Le voci degli studenti sulla libert\u00e0 di espressione&quot; per il sito web dell&#039;UNESCO Bangkok, senza alcun costo. Ringrazio il Sig. Alessandro Mearini per il suo contributo al nostro lavoro.                        <\/p>\n\n                                             <footer class=\"testimonial-attribution\"><cite class=\"testimonial-author\">Rosa M. Gonzalez<\/cite><span class=\"testimonial-role\">Chief, Gestione dell&#8217;informazione e della conoscenza<\/span><span class=\"testimonial-company\">UNESCO Bangkok<\/span><\/footer>                                       <\/blockquote>\n               <\/article>\n\n                           <article class=\"columns-3 group-slide alignwide wp-block-acf-slider-testimonials\">\n                  \n                  <blockquote class=\"testimonial-blockquote\">\n                     <p>\n                        Alessandro ha fatto un ottimo lavoro per l&#039;ufficio dell&#039;Agenzia Italiana per il Commercio Estero a Tel Aviv. Ha gestito l&#039;identit\u00e0 visiva di un evento B2B volto a promuovere aziende italiane nel mercato israeliano. Il suo stile grafico pulito e contemporaneo ha rispecchiato perfettamente il nostro brief, aggiungendo un tocco di eleganza sempre associato all&#039;Italia e alle aziende italiane. Alessandro \u00e8 una risorsa preziosa per il nostro team.                        <\/p>\n\n                                             <footer class=\"testimonial-attribution\"><cite class=\"testimonial-author\">Massimiliano Guido<\/cite><span class=\"testimonial-role\">Commissario del Commercio a Tel Aviv<\/span><span class=\"testimonial-company\">ITA &#8211; Italian Trade Agency<\/span><\/footer>                                       <\/blockquote>\n               <\/article>\n\n                           <article class=\"columns-3 group-slide alignwide wp-block-acf-slider-testimonials\">\n                  \n                  <blockquote class=\"testimonial-blockquote\">\n                     <p>\n                        Ha compreso il brief ed \u00e8 stato in grado di lavorare sia in autonomia che in team. Alessandro \u00e8 di buon carattere, spiritoso, puntuale e disponibile a essere flessibile sugli orari di lavoro. Lo raccomanderei per qualsiasi posizione a cui si candidi.                      <\/p>\n\n                                             <footer class=\"testimonial-attribution\"><cite class=\"testimonial-author\">Tony Winter<\/cite><span class=\"testimonial-role\">Production Manager, International Studio<\/span><span class=\"testimonial-company\">TAG: London<\/span><\/footer>                                       <\/blockquote>\n               <\/article>\n\n                           <article class=\"columns-3 group-slide alignwide wp-block-acf-slider-testimonials\">\n                  \n                  <blockquote class=\"testimonial-blockquote\">\n                     <p>\n                        Ho lavorato con Alessandro a Londra per il cliente Landrover e Jaguar presso TAG Worldwide (ora Williams Lea). Alessandro ha dimostrato grande efficienza nel tradurre il brief del cliente in forti messaggi visivi. Capisce veramente l&#039;arte del graphic design ed \u00e8 molto abile in tutti gli aspetti della pubblicazione online e stampata. \u00c8 stato un piacere lavorare con Alessandro.                        <\/p>\n\n                                             <footer class=\"testimonial-attribution\"><cite class=\"testimonial-author\">Pris Visuals<\/cite><span class=\"testimonial-role\">Artista \u2022 Insegnante \u2022 Ricercatore e Sviluppatore<\/span><span class=\"testimonial-company\">Education Through The Arts<\/span><\/footer>                                       <\/blockquote>\n               <\/article>\n\n                           <article class=\"columns-3 group-slide alignwide wp-block-acf-slider-testimonials\">\n                  \n                  <blockquote class=\"testimonial-blockquote\">\n                     <p>\n                        Alessandro ha saputo dare visibilit\u00e0, con abilit\u00e0 e creativit\u00e0, al sito web di MoST Artists. Puntualit\u00e0, pazienza, dedizione e determinazione sono stati alcuni degli elementi che gli hanno permesso di creare un sito apprezzato da noi e dai nostri clienti. Il suo servizio, dalla progettazione alla produzione, \u00e8 sempre stato diretto, funzionale e positivo.                       <\/p>\n\n                                             <footer class=\"testimonial-attribution\"><cite class=\"testimonial-author\">Eliseo Barb\u00e0ra<\/cite><span class=\"testimonial-role\">Amministratore Delegato<\/span><span class=\"testimonial-company\">Most Artists<\/span><\/footer>                                       <\/blockquote>\n               <\/article>\n\n                           <article class=\"columns-3 group-slide alignwide wp-block-acf-slider-testimonials\">\n                  \n                  <blockquote class=\"testimonial-blockquote\">\n                     <p>\n                        Alessandro \u00e8 un talento creativo italiano con una visione internazionale: brillante, elegante, minimalista. Le sue eccellenti capacit\u00e0 comunicative sono fondamentali per presentare il suo lavoro a tutti gli stakeholder. Rispetta le scadenze, \u00e8 onesto e sempre gentile e calmo sotto pressione.                       <\/p>\n\n                                             <footer class=\"testimonial-attribution\"><cite class=\"testimonial-author\">Veronica Voto<\/cite><span class=\"testimonial-role\">Tutor di Italiano \u2022 Digital PR \u2022 Web Content<\/span><\/footer>                                       <\/blockquote>\n               <\/article>\n\n                           <article class=\"columns-3 group-slide alignwide wp-block-acf-slider-testimonials\">\n                  \n                  <blockquote class=\"testimonial-blockquote\">\n                     <p>\n                        Lavorare con Alessandro \u00e8 stato un piacere, \u00e8 affidabile, ha buone competenze ed \u00e8 stato molto utile ogni volta che avevo bisogno di risolvere problemi. Se cerchi un servizio professionale senza problemi, lui \u00e8 la persona giusta.                      <\/p>\n\n                                             <footer class=\"testimonial-attribution\"><cite class=\"testimonial-author\">Xavier Comas<\/cite><span class=\"testimonial-role\">Direttore<\/span><span class=\"testimonial-company\">CoverKitchen<\/span><\/footer>                                       <\/blockquote>\n               <\/article>\n\n                           <article class=\"columns-3 group-slide alignwide wp-block-acf-slider-testimonials\">\n                  \n                  <blockquote class=\"testimonial-blockquote\">\n                     <p>\n                        Ho lavorato con Alessandro per oltre 6 anni all&#039;Accademia Italiana in Thailandia ed \u00e8 stato prima di tutto un buon amico, e poi un ottimo collega. Sempre pronto a dare consigli professionali, fantastico nel lavoro di squadra, aperto di mente, sempre disponibile ad aiutare. Ogni volta che uno di noi aveva bisogno di un consiglio &quot;grafico&quot;, trovava sempre il tempo per spiegare le questioni tecniche al resto del team. Potevi sempre contare su un parere saggio, sia per Photoshop, Illustrator, grafica, concetti, che per problemi informatici \u2013 mani d&#039;oro! \u00c8 stato un piacere lavorare con lui e mi manca averlo intorno \u2013 buona fortuna per il futuro!                         <\/p>\n\n                                             <footer class=\"testimonial-attribution\"><cite class=\"testimonial-author\">Lucija Perko<\/cite><span class=\"testimonial-role\">Co-Fondatore \u2022 Art Director \u2022 Designer<\/span><span class=\"testimonial-company\">Stories Of SilverSilk and Silvertales Jewelry<\/span><\/footer>                                       <\/blockquote>\n               <\/article>\n\n                           <article class=\"columns-3 group-slide alignwide wp-block-acf-slider-testimonials\">\n                  \n                  <blockquote class=\"testimonial-blockquote\">\n                     <p>\n                        Preciso, puntuale e professionale. Alessandro \u00e8 il tipo di professionista con cui tutti vorrebbero lavorare.                      <\/p>\n\n                                             <footer class=\"testimonial-attribution\"><cite class=\"testimonial-author\">Francesco Cappuccio<\/cite><span class=\"testimonial-role\">Direttore Accademico \u2022 Architetto \u2022 Designer di Prodotto e Interni<\/span><\/footer>                                       <\/blockquote>\n               <\/article>\n\n                     <\/div>\n\n      <\/div>\n      <!-- <div class=\"swiper-button-prev\"><\/div>\n      <div class=\"swiper-button-next\"><\/div> -->\n      <div class=\"swiper-pagination\"><\/div>\n   \n<\/section><\/div>\n","protected":false},"excerpt":{"rendered":"<p>Ciao, sono Alessandro Lavoro come Senior visual designer, come Consulente e sono stato Responsabile del Dipartimento di Graphic Design e Comunicazione Visiva presso un&#8217;Universit\u00e0 Internazionale. Il mio compito \u00e8 risolvere problemi attraverso soluzioni visive nel campo della comunicazione Il mio obiettivo \u00e8 garantire che ogni messaggio venga compreso come previsto dal pubblico di riferimento. Lo [&hellip;]<\/p>\n","protected":false},"author":1,"featured_media":5370,"parent":0,"menu_order":0,"comment_status":"closed","ping_status":"closed","template":"","meta":{"_acf_changed":false,"footnotes":""},"class_list":["post-3913","page","type-page","status-publish","has-post-thumbnail","hentry"],"acf":[],"yoast_head":"<!-- This site is optimized with the Yoast SEO plugin v27.1.1 - https:\/\/yoast.com\/product\/yoast-seo-wordpress\/ -->\n<title>Chi sono - Alessandro Mearini<\/title>\n<meta name=\"robots\" content=\"index, follow, max-snippet:-1, max-image-preview:large, max-video-preview:-1\" \/>\n<link rel=\"canonical\" href=\"https:\/\/amearini.com\/it\/about\/\" \/>\n<meta property=\"og:locale\" content=\"it_IT\" \/>\n<meta property=\"og:type\" content=\"article\" \/>\n<meta property=\"og:title\" content=\"Chi sono - Alessandro Mearini\" \/>\n<meta property=\"og:description\" content=\"Ciao, sono Alessandro Lavoro come Senior visual designer, come Consulente e sono stato Responsabile del Dipartimento di Graphic Design e Comunicazione Visiva presso un&#8217;Universit\u00e0 Internazionale. Il mio compito \u00e8 risolvere problemi attraverso soluzioni visive nel campo della comunicazione Il mio obiettivo \u00e8 garantire che ogni messaggio venga compreso come previsto dal pubblico di riferimento. Lo [&hellip;]\" \/>\n<meta property=\"og:url\" content=\"https:\/\/amearini.com\/it\/about\/\" \/>\n<meta property=\"og:site_name\" content=\"Alessandro Mearini\" \/>\n<meta property=\"article:modified_time\" content=\"2024-10-29T17:37:37+00:00\" \/>\n<meta property=\"og:image\" content=\"https:\/\/amearini.com\/wp-content\/uploads\/2024\/10\/alessandromearini-2.jpg\" \/>\n\t<meta property=\"og:image:width\" content=\"2560\" \/>\n\t<meta property=\"og:image:height\" content=\"1920\" \/>\n\t<meta property=\"og:image:type\" content=\"image\/jpeg\" \/>\n<meta name=\"twitter:card\" content=\"summary_large_image\" \/>\n<meta name=\"twitter:label1\" content=\"Tempo di lettura stimato\" \/>\n\t<meta name=\"twitter:data1\" content=\"2 minuti\" \/>\n<script type=\"application\/ld+json\" class=\"yoast-schema-graph\">{\"@context\":\"https:\/\/schema.org\",\"@graph\":[{\"@type\":\"WebPage\",\"@id\":\"https:\/\/amearini.com\/it\/about\/\",\"url\":\"https:\/\/amearini.com\/it\/about\/\",\"name\":\"Chi sono - Alessandro Mearini\",\"isPartOf\":{\"@id\":\"https:\/\/amearini.com\/it\/#website\"},\"primaryImageOfPage\":{\"@id\":\"https:\/\/amearini.com\/it\/about\/#primaryimage\"},\"image\":{\"@id\":\"https:\/\/amearini.com\/it\/about\/#primaryimage\"},\"thumbnailUrl\":\"https:\/\/amearini.com\/wp-content\/uploads\/2024\/10\/alessandromearini-2.jpg\",\"datePublished\":\"2023-08-31T10:03:07+00:00\",\"dateModified\":\"2024-10-29T17:37:37+00:00\",\"breadcrumb\":{\"@id\":\"https:\/\/amearini.com\/it\/about\/#breadcrumb\"},\"inLanguage\":\"it-IT\",\"potentialAction\":[{\"@type\":\"ReadAction\",\"target\":[\"https:\/\/amearini.com\/it\/about\/\"]}]},{\"@type\":\"ImageObject\",\"inLanguage\":\"it-IT\",\"@id\":\"https:\/\/amearini.com\/it\/about\/#primaryimage\",\"url\":\"https:\/\/amearini.com\/wp-content\/uploads\/2024\/10\/alessandromearini-2.jpg\",\"contentUrl\":\"https:\/\/amearini.com\/wp-content\/uploads\/2024\/10\/alessandromearini-2.jpg\",\"width\":2560,\"height\":1920},{\"@type\":\"BreadcrumbList\",\"@id\":\"https:\/\/amearini.com\/it\/about\/#breadcrumb\",\"itemListElement\":[{\"@type\":\"ListItem\",\"position\":1,\"name\":\"Home\",\"item\":\"https:\/\/amearini.com\/it\/\"},{\"@type\":\"ListItem\",\"position\":2,\"name\":\"Chi sono\"}]},{\"@type\":\"WebSite\",\"@id\":\"https:\/\/amearini.com\/it\/#website\",\"url\":\"https:\/\/amearini.com\/it\/\",\"name\":\"Alessandro Mearini\",\"description\":\"Sito Ufficiale\",\"publisher\":{\"@id\":\"https:\/\/amearini.com\/it\/#\/schema\/person\/a59e9ebca372cb3aa5288af61ca7ab9f\"},\"potentialAction\":[{\"@type\":\"SearchAction\",\"target\":{\"@type\":\"EntryPoint\",\"urlTemplate\":\"https:\/\/amearini.com\/it\/?s={search_term_string}\"},\"query-input\":{\"@type\":\"PropertyValueSpecification\",\"valueRequired\":true,\"valueName\":\"search_term_string\"}}],\"inLanguage\":\"it-IT\"},{\"@type\":[\"Person\",\"Organization\"],\"@id\":\"https:\/\/amearini.com\/it\/#\/schema\/person\/a59e9ebca372cb3aa5288af61ca7ab9f\",\"name\":\"Alessandro Mearini\",\"image\":{\"@type\":\"ImageObject\",\"inLanguage\":\"it-IT\",\"@id\":\"https:\/\/amearini.com\/it\/#\/schema\/person\/image\/\",\"url\":\"https:\/\/amearini.com\/wp-content\/uploads\/2024\/09\/logo-open-graph.png\",\"contentUrl\":\"https:\/\/amearini.com\/wp-content\/uploads\/2024\/09\/logo-open-graph.png\",\"width\":512,\"height\":512,\"caption\":\"Alessandro Mearini\"},\"logo\":{\"@id\":\"https:\/\/amearini.com\/it\/#\/schema\/person\/image\/\"},\"sameAs\":[\"https:\/\/amearini.com\",\"https:\/\/www.linkedin.com\/in\/alessandromearini\"]}]}<\/script>\n<!-- \/ Yoast SEO plugin. -->","yoast_head_json":{"title":"Chi sono - Alessandro Mearini","robots":{"index":"index","follow":"follow","max-snippet":"max-snippet:-1","max-image-preview":"max-image-preview:large","max-video-preview":"max-video-preview:-1"},"canonical":"https:\/\/amearini.com\/it\/about\/","og_locale":"it_IT","og_type":"article","og_title":"Chi sono - Alessandro Mearini","og_description":"Ciao, sono Alessandro Lavoro come Senior visual designer, come Consulente e sono stato Responsabile del Dipartimento di Graphic Design e Comunicazione Visiva presso un&#8217;Universit\u00e0 Internazionale. Il mio compito \u00e8 risolvere problemi attraverso soluzioni visive nel campo della comunicazione Il mio obiettivo \u00e8 garantire che ogni messaggio venga compreso come previsto dal pubblico di riferimento. Lo [&hellip;]","og_url":"https:\/\/amearini.com\/it\/about\/","og_site_name":"Alessandro Mearini","article_modified_time":"2024-10-29T17:37:37+00:00","og_image":[{"width":2560,"height":1920,"url":"https:\/\/amearini.com\/wp-content\/uploads\/2024\/10\/alessandromearini-2.jpg","type":"image\/jpeg"}],"twitter_card":"summary_large_image","twitter_misc":{"Tempo di lettura stimato":"2 minuti"},"schema":{"@context":"https:\/\/schema.org","@graph":[{"@type":"WebPage","@id":"https:\/\/amearini.com\/it\/about\/","url":"https:\/\/amearini.com\/it\/about\/","name":"Chi sono - Alessandro Mearini","isPartOf":{"@id":"https:\/\/amearini.com\/it\/#website"},"primaryImageOfPage":{"@id":"https:\/\/amearini.com\/it\/about\/#primaryimage"},"image":{"@id":"https:\/\/amearini.com\/it\/about\/#primaryimage"},"thumbnailUrl":"https:\/\/amearini.com\/wp-content\/uploads\/2024\/10\/alessandromearini-2.jpg","datePublished":"2023-08-31T10:03:07+00:00","dateModified":"2024-10-29T17:37:37+00:00","breadcrumb":{"@id":"https:\/\/amearini.com\/it\/about\/#breadcrumb"},"inLanguage":"it-IT","potentialAction":[{"@type":"ReadAction","target":["https:\/\/amearini.com\/it\/about\/"]}]},{"@type":"ImageObject","inLanguage":"it-IT","@id":"https:\/\/amearini.com\/it\/about\/#primaryimage","url":"https:\/\/amearini.com\/wp-content\/uploads\/2024\/10\/alessandromearini-2.jpg","contentUrl":"https:\/\/amearini.com\/wp-content\/uploads\/2024\/10\/alessandromearini-2.jpg","width":2560,"height":1920},{"@type":"BreadcrumbList","@id":"https:\/\/amearini.com\/it\/about\/#breadcrumb","itemListElement":[{"@type":"ListItem","position":1,"name":"Home","item":"https:\/\/amearini.com\/it\/"},{"@type":"ListItem","position":2,"name":"Chi sono"}]},{"@type":"WebSite","@id":"https:\/\/amearini.com\/it\/#website","url":"https:\/\/amearini.com\/it\/","name":"Alessandro Mearini","description":"Sito Ufficiale","publisher":{"@id":"https:\/\/amearini.com\/it\/#\/schema\/person\/a59e9ebca372cb3aa5288af61ca7ab9f"},"potentialAction":[{"@type":"SearchAction","target":{"@type":"EntryPoint","urlTemplate":"https:\/\/amearini.com\/it\/?s={search_term_string}"},"query-input":{"@type":"PropertyValueSpecification","valueRequired":true,"valueName":"search_term_string"}}],"inLanguage":"it-IT"},{"@type":["Person","Organization"],"@id":"https:\/\/amearini.com\/it\/#\/schema\/person\/a59e9ebca372cb3aa5288af61ca7ab9f","name":"Alessandro Mearini","image":{"@type":"ImageObject","inLanguage":"it-IT","@id":"https:\/\/amearini.com\/it\/#\/schema\/person\/image\/","url":"https:\/\/amearini.com\/wp-content\/uploads\/2024\/09\/logo-open-graph.png","contentUrl":"https:\/\/amearini.com\/wp-content\/uploads\/2024\/09\/logo-open-graph.png","width":512,"height":512,"caption":"Alessandro Mearini"},"logo":{"@id":"https:\/\/amearini.com\/it\/#\/schema\/person\/image\/"},"sameAs":["https:\/\/amearini.com","https:\/\/www.linkedin.com\/in\/alessandromearini"]}]}},"_links":{"self":[{"href":"https:\/\/amearini.com\/it\/wp-json\/wp\/v2\/pages\/3913","targetHints":{"allow":["GET"]}}],"collection":[{"href":"https:\/\/amearini.com\/it\/wp-json\/wp\/v2\/pages"}],"about":[{"href":"https:\/\/amearini.com\/it\/wp-json\/wp\/v2\/types\/page"}],"author":[{"embeddable":true,"href":"https:\/\/amearini.com\/it\/wp-json\/wp\/v2\/users\/1"}],"replies":[{"embeddable":true,"href":"https:\/\/amearini.com\/it\/wp-json\/wp\/v2\/comments?post=3913"}],"version-history":[{"count":0,"href":"https:\/\/amearini.com\/it\/wp-json\/wp\/v2\/pages\/3913\/revisions"}],"wp:featuredmedia":[{"embeddable":true,"href":"https:\/\/amearini.com\/it\/wp-json\/wp\/v2\/media\/5370"}],"wp:attachment":[{"href":"https:\/\/amearini.com\/it\/wp-json\/wp\/v2\/media?parent=3913"}],"curies":[{"name":"wp","href":"https:\/\/api.w.org\/{rel}","templated":true}]}}